{"id":329,"date":"2015-03-09T12:39:34","date_gmt":"2015-03-09T12:39:34","guid":{"rendered":"http:\/\/artemisat.ulpgc.es\/?page_id=329"},"modified":"2016-05-04T12:05:44","modified_gmt":"2016-05-04T12:05:44","slug":"socios-2","status":"publish","type":"page","link":"https:\/\/artemisat.ulpgc.es\/?page_id=329","title":{"rendered":"SOCIOS"},"content":{"rendered":"<h2><span style=\"color: #000080;\">Universidad de Las Palmas de Gran Ganaria (ULPGC)<\/span><\/h2>\n<h4><strong>Javier Marcello Ruiz<\/strong><\/h4>\n<p style=\"text-align: justify;\"><a href=\"http:\/\/artemisat.ulpgc.es\/wp-content\/uploads\/2016\/05\/marcello.jpg\"><img loading=\"lazy\" class=\"alignleft wp-image-1003\" src=\"http:\/\/artemisat.ulpgc.es\/wp-content\/uploads\/2016\/05\/marcello-263x300.jpg\" width=\"150\" height=\"171\" srcset=\"https:\/\/artemisat.ulpgc.es\/wp-content\/uploads\/2016\/05\/marcello-263x300.jpg 263w, https:\/\/artemisat.ulpgc.es\/wp-content\/uploads\/2016\/05\/marcello-768x875.jpg 768w, https:\/\/artemisat.ulpgc.es\/wp-content\/uploads\/2016\/05\/marcello-899x1024.jpg 899w, https:\/\/artemisat.ulpgc.es\/wp-content\/uploads\/2016\/05\/marcello-132x150.jpg 132w, https:\/\/artemisat.ulpgc.es\/wp-content\/uploads\/2016\/05\/marcello.jpg 1138w\" sizes=\"(max-width: 150px) 100vw, 150px\" \/><\/a><\/p>\n<p style=\"text-align: justify;\">Profesor Titular de Universidad adscrito al Instituto de Oceanograf\u00eda y Cambio Global de la Universidad de Las Palmas de Gran Canaria (ULPGC). Acredita una amplia experiencia de casi 2 d\u00e9cadas en el procesado multiespectral y multitemporal de im\u00e1genes de teledetecci\u00f3n (correcciones radiom\u00e9tricas, geom\u00e9tricas y atmosf\u00e9ricas; detecci\u00f3n de nubes; segmentaci\u00f3n; extracci\u00f3n de caracter\u00edsticas; estimaci\u00f3n de movimiento; clasificaci\u00f3n y fusi\u00f3n de im\u00e1genes) y en la integraci\u00f3n de estaciones terrenas para la recepci\u00f3n y procesado de sat\u00e9lites de observaci\u00f3n de la Tierra.<\/p>\n<p style=\"text-align: justify;\">Durante estos a\u00f1os, en el marco de varios proyectos y contratos de investigaci\u00f3n, ha procesado im\u00e1genes de m\u00faltiples sensores y sat\u00e9lites (AVHRR, SeaWiFS, MODIS, MERIS, ATSR, SEVIRI, SPOT, Landsat, Deimos, Quickscat, Ikonos, GeoEye, Quickbird, Worldview, Aster, etc.) y sus investigaciones se han centrado en diferentes \u00e1mbitos, tales como la vigilancia costera, circulaci\u00f3n oce\u00e1nica, productividad marina, calidad del agua, cambio clim\u00e1tico, \u00a0an\u00e1lisis de vegetaci\u00f3n, vigilancia de zonas protegidas, etc.<\/p>\n<p style=\"text-align: justify;\">Acredita una producci\u00f3n cient\u00edfica con m\u00e1s de 10 art\u00edculos publicados en revistas internacionales de alto impacto en los \u00faltimos a\u00f1os y alrededor de 50 ponencias en congresos internacionales. Ha liderado 6 proyectos de investigaci\u00f3n y ha participado como investigador en otros tantos nacionales e internacionales. Ha liderado o participado en 10 contratos de I+D+i con diversas empresas y organismos. Tambi\u00e9n ha sido revisor de art\u00edculos en m\u00e1s de 15 publicaciones internacionales de impacto.<\/p>\n<p style=\"text-align: justify;\">Adem\u00e1s de su actividad vinculada a la ULPGC, es destacable que durante 9 a\u00f1os trabaj\u00f3 en el Centro Espacial Canarias del Instituto Nacional de T\u00e9cnica Aeroespacial (Ministerio de Defensa) como Ingeniero Jefe para diferentes programas (Cospas-Sarsat, TT&amp;C, MINISAT-01 y CREPAD).<\/p>\n<h4><strong>Francisco Eugenio Gonz\u00e1lez<\/strong><\/h4>\n<p style=\"text-align: justify;\"><a href=\"http:\/\/artemisat.ulpgc.es\/wp-content\/uploads\/2015\/02\/Francis1.png\"><img loading=\"lazy\" class=\" wp-image-221 alignleft\" src=\"http:\/\/artemisat.ulpgc.es\/wp-content\/uploads\/2015\/02\/Francis1.png\" alt=\"Francis1\" width=\"150\" height=\"184\" srcset=\"https:\/\/artemisat.ulpgc.es\/wp-content\/uploads\/2015\/02\/Francis1.png 262w, https:\/\/artemisat.ulpgc.es\/wp-content\/uploads\/2015\/02\/Francis1-245x300.png 245w, https:\/\/artemisat.ulpgc.es\/wp-content\/uploads\/2015\/02\/Francis1-122x150.png 122w\" sizes=\"(max-width: 150px) 100vw, 150px\" \/><\/a><\/p>\n<p style=\"text-align: justify;\">Doctor Ingeniero de Telecomunicaci\u00f3n por la Universidad de Las Palmas de Gran Canaria, 2000, siendo desde 2003 Profesor Titular de Universidad. Su actividad docente se centra en Sistemas Radar, Telecomunicaci\u00f3n Espacial y Teledetecci\u00f3n, siendo profesor del curso de doctorado de Procesado de Im\u00e1genes y Teledetecci\u00f3n. Director del Proyecto Estructurante de Teledetecci\u00f3n de la Agencia Canaria de Investigaci\u00f3n, Innovaci\u00f3n y Sociedad de la Informaci\u00f3n (ACIISI) del Gobierno de Canarias en el periodo 2010-2013. Se le han concedido 2 sexenios de investigaci\u00f3n por el MEC.<\/p>\n<p style=\"text-align: justify;\">Las \u00e1reas espec\u00edficas de investigaci\u00f3n, desarrollo e innovaci\u00f3n son la recepci\u00f3n y procesado de im\u00e1genes de teledetecci\u00f3n, as\u00ed como el desarrollo de sistemas de comunicaciones por sat\u00e9lite para instrumentaci\u00f3n oceanogr\u00e1fica, siendo el director del Grupo de I+D de Procesado de Im\u00e1genes y Teledetecci\u00f3n de la ULPGC y uno de los promotores y responsable del \u00e1rea de teledetecci\u00f3n y desarrollo tecnol\u00f3gico del Instituto Universitario de Oceanograf\u00eda y Cambio Global (IOCAG). Desde 1998 y como consecuencia del desarrollo de su tesis doctoral, est\u00e1 vinculado en tareas de investigaci\u00f3n al prestigioso grupo de Procesado de Im\u00e1genes, dirigido por el catedr\u00e1tico Ferran Marqu\u00e9s, de la Universidad Polit\u00e9cnica de Catalu\u00f1a, habiendo desarrollado trabajos de investigaci\u00f3n y publicados art\u00edculos conjuntamente.<\/p>\n<p style=\"text-align: justify;\">Ha sido y es investigador principal\/asociado de m\u00e1s de 21 de proyectos de investigaci\u00f3n y desarrollo tecnol\u00f3gico: Comunidad Aut\u00f3noma, Plan Nacional de I+D+i y Europeos, vinculados a teledetecci\u00f3n y procesado de im\u00e1genes. Es revisor habitual de las principales revistas de teledetecci\u00f3n (IEEE Transactions on Remote Sensing, IEEE-GRSL, Remote Sensing of Environment, etc.). Es autor o coautor de m\u00faltiples publicaciones cient\u00edficas internacionales, fundamentalmente en las \u00e1reas de procesado de im\u00e1genes de teledetecci\u00f3n, as\u00ed como su participaci\u00f3n habitual en los principales Congresos nacionales e internacionales en este \u00e1mbito. Fue elevado a Senior Member del IEEE en 2006.<\/p>\n<h4><strong>Dionisio Rodriguez\u00a0Esparragon<\/strong><\/h4>\n<p><img loading=\"lazy\" class=\" wp-image-366 alignleft\" src=\"http:\/\/artemisat.ulpgc.es\/wp-content\/uploads\/2015\/03\/Imagen11.png\" alt=\"Imagen1\" width=\"150\" height=\"178\" srcset=\"https:\/\/artemisat.ulpgc.es\/wp-content\/uploads\/2015\/03\/Imagen11.png 391w, https:\/\/artemisat.ulpgc.es\/wp-content\/uploads\/2015\/03\/Imagen11-253x300.png 253w, https:\/\/artemisat.ulpgc.es\/wp-content\/uploads\/2015\/03\/Imagen11-126x150.png 126w\" sizes=\"(max-width: 150px) 100vw, 150px\" \/><\/p>\n<p style=\"text-align: justify;\">Profesor Titular de Escuela Universitaria adscrito al Instituto de Oceanograf\u00eda y Cambio Global de la Universidad de Las Palmas de Gran Canaria. Acredita una amplia docente en los campos de teor\u00eda de la se\u00f1al, procesado de se\u00f1ales, televisi\u00f3n, computer graphics y gesti\u00f3n de proyectos de telecomunicaciones y audiovisuales.<\/p>\n<p style=\"text-align: justify;\">Sus \u00e1reas de investigaci\u00f3n se han centrado en el proceso de im\u00e1genes y multimedia. Con relaci\u00f3n a ellos, ha participado como investigador en diversos proyectos de investigaci\u00f3n financiados en convocatorias p\u00fablicas.<\/p>\n<p style=\"text-align: justify;\">Actualmente su trabajo se centra en el estudio de la calidad de la im\u00e1genes fusionadas de muy alta resoluci\u00f3n de teledetecci\u00f3n.<\/p>\n<h4><strong>Edurne Ibarrola Ulzurrun<\/strong><\/h4>\n<p><a href=\"http:\/\/artemisat.ulpgc.es\/wp-content\/uploads\/2015\/05\/Foto-copia-2.jpg\"><img loading=\"lazy\" class=\" wp-image-830 alignleft\" src=\"http:\/\/artemisat.ulpgc.es\/wp-content\/uploads\/2015\/05\/Foto-copia-2.jpg\" alt=\"Foto - copia (2)\" width=\"152\" height=\"191\" srcset=\"https:\/\/artemisat.ulpgc.es\/wp-content\/uploads\/2015\/05\/Foto-copia-2.jpg 128w, https:\/\/artemisat.ulpgc.es\/wp-content\/uploads\/2015\/05\/Foto-copia-2-120x150.jpg 120w\" sizes=\"(max-width: 152px) 100vw, 152px\" \/><\/a><\/p>\n<p style=\"text-align: justify;\">Estudiante de doctorado con Contrato Predoctoral del MINECO asociado al proyecto ARTeMiSAT.<\/p>\n<p style=\"text-align: justify;\">Licenciada en Biolog\u00eda especialidad Ambiental y Agr\u00edcola por la Universidad de Navarra. Experiencia de 3 a\u00f1os en el extranjero, d\u00f3nde ha realizado un m\u00e1ster en la Universidad de Troms\u00f8 (Noruega) con intercambio en\u00a0 <em>Remote Sensing Laboratories<\/em> Universidad de Zurich (Suiza).<\/p>\n<p style=\"text-align: justify;\">Su l\u00ednea de investigaci\u00f3n est\u00e1 relacionada con la Ecolog\u00eda Vegetal y Teledetecci\u00f3n, cuya tesis de m\u00e1ster fue en \u201cSpectral analysis and image classification of the dwarf shrub <em>Empetrum nigrum<\/em> (L.) by means of remote sensing data\u201d.<\/p>\n<p>&nbsp;<\/p>\n<h2><span style=\"color: #000080;\">Universidad Polit\u00e9cnica de Madrid (UPM)<\/span><\/h2>\n<h4><strong>Consuelo Gonzalo Mart\u00edn<\/strong><\/h4>\n<p style=\"text-align: justify;\"><a href=\"http:\/\/artemisat.ulpgc.es\/wp-content\/uploads\/2015\/02\/consuelo.jpg\"><img loading=\"lazy\" class=\" wp-image-256 alignleft\" src=\"http:\/\/artemisat.ulpgc.es\/wp-content\/uploads\/2015\/02\/consuelo.jpg\" alt=\"consuelo\" width=\"156\" height=\"207\" srcset=\"https:\/\/artemisat.ulpgc.es\/wp-content\/uploads\/2015\/02\/consuelo.jpg 255w, https:\/\/artemisat.ulpgc.es\/wp-content\/uploads\/2015\/02\/consuelo-226x300.jpg 226w, https:\/\/artemisat.ulpgc.es\/wp-content\/uploads\/2015\/02\/consuelo-113x150.jpg 113w\" sizes=\"(max-width: 156px) 100vw, 156px\" \/><\/a><\/p>\n<p style=\"text-align: justify;\">Licenciada y Doctora en Ciencias F\u00edsicas por las Universidades de Salamanca (1986) y Complutense de Madrid (1989), respectivamente. Profesora Titular de la Universidad Polit\u00e9cnica de Madrid, en el departamento de Arquitectura y Tecnolog\u00eda de Sistemas Inform\u00e1ticos, miembro del Grupo de Miner\u00eda de Datos y Simulaci\u00f3n (UPM), adscrito al Centro de Tecnolog\u00eda Biom\u00e9dica.<\/p>\n<p style=\"text-align: justify;\">Su principal \u00e1rea de investigaci\u00f3n es el procesamiento de im\u00e1genes. Sus principales aportaciones han sido en temas de procesado de im\u00e1genes mediante implementaciones digitales y \u00f3pticas de representaciones conjuntas (Transformada de Wigner, Transformada de Gabor y Transformada Wavelet) y\u00a0 en el desarrollo de nuevos algoritmos de redes neuronales artificiales relacionadas con la M\u00e1quina de Boltzman, Adaptative Resonance Theory y Mapas Autoorganizativos din\u00e1micos. Los campos de aplicaci\u00f3n han sido fundamentalmente teledetecci\u00f3n, im\u00e1genes m\u00e9dicas y reconocimiento de caras. En particular, en el \u00e1rea de teledetecci\u00f3n es coautora de nuevos algoritmos para la fusi\u00f3n de imagen \u00f3ptica.<\/p>\n<p style=\"text-align: justify;\">En el momento actual, su principal l\u00ednea de investigaci\u00f3n es la propuesta de nuevas metodolog\u00edas de an\u00e1lisis de im\u00e1genes basada en objetos (OBIA), para la clasificaci\u00f3n e interpretaci\u00f3n autom\u00e1tica tanto de im\u00e1genes de sat\u00e9lite como m\u00e9dicas. Como resultado de su investigaci\u00f3n cabe destacar la direcci\u00f3n de 12 proyectos competitivos nacionales; la coordinaci\u00f3n por parte de la UPM de 7 sub-proyectos nacionales e internacionales. Es autora y coautora de 36 art\u00edculos publicados en revistas internacionales indexadas y participado en mas de 50 Congresos Internacionales.<\/p>\n<h4><b>Angel Mario Garc\u00eda Pedrero<\/b><\/h4>\n<p><a href=\"http:\/\/artemisat.ulpgc.es\/wp-content\/uploads\/2015\/03\/IMG-20150512-WA0004-11.jpg\"><img loading=\"lazy\" class=\" wp-image-850 alignleft\" src=\"http:\/\/artemisat.ulpgc.es\/wp-content\/uploads\/2015\/03\/IMG-20150512-WA0004-11.jpg\" alt=\"IMG-20150512-WA0004 (1)\" width=\"152\" height=\"284\" \/><\/a><\/p>\n<p style=\"text-align: justify;\">Estudiante de doctorado en Computaci\u00f3n Avanzada para Ciencias e Ingenier\u00eda en el Centro de Tecnolog\u00eda Biom\u00e9dica de la Universidad Polit\u00e9cnica de Madrid. Su l\u00ednea de investigaci\u00f3n est\u00e1 relacionada con el an\u00e1lisis de datos, la comprensi\u00f3n e interpretaci\u00f3n autom\u00e1tica de im\u00e1genes, tanto de teledetecci\u00f3n como m\u00e9dicas. Previo a sus estudios doctorales, \u00e9l obtuvo un m\u00e1ster en Ciencias de la Computaci\u00f3n por el Intituto Nacional de Astrof\u00edsica, \u00d3ptica y Electr\u00f3nica (M\u00e9xico). Actualmente, se encuentra participando en dos proyectos de investigaci\u00f3n financiados por el gobierno Espa\u00f1ol: ARTeMISAT (CGL2013-46674-R) y (FIS-PI13\/01806). El primero es un proyecto en el campo de teledetecci\u00f3n, mientras el segundo es un proyecto en el \u00e1rea de la medicina.<\/p>\n<h2><\/h2>\n<p>&nbsp;<\/p>\n<h2><span style=\"color: #000080;\">Universidad Polit\u00e9cnica de Catalu\u00f1a (UPC)<\/span><\/h2>\n<h4><strong>Ferran Marqu\u00e9s Acosta<\/strong><\/h4>\n<p style=\"text-align: justify;\"><a href=\"http:\/\/artemisat.ulpgc.es\/wp-content\/uploads\/2015\/02\/ferran_marques.jpg\"><img loading=\"lazy\" class=\" wp-image-258 alignleft\" src=\"http:\/\/artemisat.ulpgc.es\/wp-content\/uploads\/2015\/02\/ferran_marques.jpg\" alt=\"ferran_marques\" width=\"150\" height=\"192\" \/><\/a><\/p>\n<p style=\"text-align: justify;\">Obtuvo el grado de Ingeniero en Telecomunicaci\u00f3n y el de Doctor por la Universidad Polit\u00e9cnica de Catalu\u00f1a (UPC-BarcelonaTECH) en 1988 y 1992, respectivamente. Desde abril 1989 hasta junio 1990, form\u00f3 parte del Grupo de Procesado de Imagen de la Ecole Polytechnique F\u00e9d\u00e9ral de Lausanne (EPFL) en Suiza y, posteriormente, en 1991 trabaj\u00f3 en el Signal and Image Processing Institute (SIPI) de la University of Souther California (USC) en Los Angeles, California. Obtuvo el premio a la Mejor Tesis Doctoral Espa\u00f1ola en Telecomunicaciones en 1992 y en 1995 la plaza de Profesor Asociado en la UPC.<\/p>\n<p style=\"text-align: justify;\">Desde 2003 es Catedr\u00e1tico de Universidad en el Departamento de Teor\u00eda de la Se\u00f1al y Comunicaciones de la UPC, donde imparte docencia en el \u00e1rea de Procesado de Se\u00f1al y Procesado de Imagen y V\u00eddeo. En el a\u00f1o 2011 fue Visiting Researcher en el Digital Video and Multimedia Lab del Department of Electrical Engineering de la Columbia University en New York y recibi\u00f3 la distinci\u00f3n Jaume Vicens Vives por su aportaci\u00f3n docente.<\/p>\n<p style=\"text-align: justify;\">Ferran Marqu\u00e9s ha sido Presidente de la European Association for Signal Processing (EURASIP) en el periodo 2002-2004 y Special Session Chairman en la International Conference on Image Processing ICIP-2003 (Barcelona, Espa\u00f1a) y en la ICIP-2011 (Bruselas, B\u00e9lgica). Ha sido Associate Editor de la revista IEEE Transactions on Image Processing y Area Editor de la revista Signal Processing: Image Communication (Elsevier). Actualmente es el Director de la Escuela T\u00e9cnica Superior de Ingenieros de Telecomunicaci\u00f3n de Barcelona (ETSETB) en la UPC.<\/p>\n<h2><span style=\"color: #000080;\">Universidad de Surrey\u00a0<\/span><\/h2>\n<h4><strong>Raffaella Guida<\/strong><\/h4>\n<p style=\"text-align: justify;\"><a href=\"http:\/\/artemisat.ulpgc.es\/wp-content\/uploads\/2015\/03\/raffaella_guida-1.jpg\"><img loading=\"lazy\" class=\" wp-image-482 alignleft\" src=\"http:\/\/artemisat.ulpgc.es\/wp-content\/uploads\/2015\/03\/raffaella_guida-1.jpg\" alt=\"???????????????????????????????????????????????????????????????????????????????????????????????????????????????\" width=\"150\" height=\"168\" srcset=\"https:\/\/artemisat.ulpgc.es\/wp-content\/uploads\/2015\/03\/raffaella_guida-1.jpg 575w, https:\/\/artemisat.ulpgc.es\/wp-content\/uploads\/2015\/03\/raffaella_guida-1-267x300.jpg 267w, https:\/\/artemisat.ulpgc.es\/wp-content\/uploads\/2015\/03\/raffaella_guida-1-134x150.jpg 134w\" sizes=\"(max-width: 150px) 100vw, 150px\" \/><\/a><\/p>\n<p style=\"text-align: justify;\">Raffaella recibi\u00f3 el grado (cum laude) en Ingenier\u00eda de Telecomunicaciones y el doctorado en Ingenier\u00eda Electr\u00f3nica y de Telecomunicaciones de la Universidad de N\u00e1poles Federico II (N\u00e1poles, Italia), en 2003 y 2007, respectivamente. En 2006 recibi\u00f3 una beca de investigaci\u00f3n de dos a\u00f1os de la Universidad de N\u00e1poles Federico II que se invirti\u00f3 en el Departamento de Ingenier\u00eda Electr\u00f3nica y de Telecomunicaciones sobre el tema de la propagaci\u00f3n del campo electromagn\u00e9tico en el entorno urbano. En 2006, fue una cient\u00edfica invitada con el Departamento de Fotogrametr\u00eda y Teledetecci\u00f3n, Technische Universit\u00e4t M\u00fcnchen (Munich, Alemania). En 2008, Raffaella se uni\u00f3 al Centro Espacial de Surrey (SSC) de la Universidad de Surrey (Guildford, Reino Unido) como Profesora de teledetecci\u00f3n por sat\u00e9lite. A d\u00eda de hoy todav\u00eda est\u00e1 en SSC donde dirige el grupo de investigaci\u00f3n de Aplicaciones de Teledetecci\u00f3n. En colaboraci\u00f3n con SSTL, Rafaella desarrolla aplicaciones potenciales para los datos procedentes del primer veh\u00edculo espacial misi\u00f3n SAR UK NovaSAR-S en el campo de la seguridad mar\u00edtima, las inundaciones y la vigilancia de la vegetaci\u00f3n.<\/p>\n<p style=\"text-align: justify;\">Raffaella ha publicado m\u00e1s de 50 art\u00edculos y ha sido recientemente galardonada con el J-STARS Premio al Mejor Libro 2013 IEEE por sus investigaciones en el an\u00e1lisis estad\u00edstico de los datos SAR.<\/p>\n<h2><span style=\"color: #333399;\">Universidad de Concepci\u00f3n de Chile\u00a0<\/span><\/h2>\n<h4><strong>Mario Lillo Saavedra<\/strong><\/h4>\n<p style=\"text-align: justify;\"><a href=\"http:\/\/artemisat.ulpgc.es\/wp-content\/uploads\/2015\/03\/Lillo.png\"><img loading=\"lazy\" class=\" wp-image-372 alignleft\" src=\"http:\/\/artemisat.ulpgc.es\/wp-content\/uploads\/2015\/03\/Lillo.png\" alt=\"Lillo\" width=\"150\" height=\"186\" srcset=\"https:\/\/artemisat.ulpgc.es\/wp-content\/uploads\/2015\/03\/Lillo.png 447w, https:\/\/artemisat.ulpgc.es\/wp-content\/uploads\/2015\/03\/Lillo-242x300.png 242w, https:\/\/artemisat.ulpgc.es\/wp-content\/uploads\/2015\/03\/Lillo-121x150.png 121w\" sizes=\"(max-width: 150px) 100vw, 150px\" \/><\/a><\/p>\n<p style=\"text-align: justify;\">Profesor Titular de la Facultad de Ingenier\u00eda Agr\u00edcola.\u00a0Nacido en Concepci\u00f3n, Chile en el a\u00f1o 1971. Ingeniero Civil El\u00e9ctrico (1997) y Master en Ingenier\u00eda El\u00e9ctrica (2001) por la Universidad de Concepci\u00f3n, Chile; Doctor en Inform\u00e1tica (2005) por la Universidad Polit\u00e9cnica de Madrid . Desde 2000 desarrolla sus actividades acad\u00e9micas y de investigaci\u00f3n en la Facultad de Ingenier\u00eda Agr\u00edcola de la Universidad de Concepci\u00f3n. Actualmente es\u00a0Director del Programa de Doctorado en Ingenier\u00eda Agr\u00edcola de la Universidad de Concepci\u00f3n.<\/p>\n<p style=\"text-align: justify;\">Forma parte del equipo del Laboratorio de Investigaci\u00f3n y Tecnolog\u00edas para el Manejo del Agua en Agricultura, ITECMA<sup>2<\/sup> (www.itecma2.udec.cl) y es investigador del Centro de Investigaci\u00f3n en Recursos H\u00eddricos para la Agricultura y para la Miner\u00eda (CRHIAM www.chriam.cl).<\/p>\n<p style=\"text-align: justify;\">Sus investigaciones se ha orientado\u00a0 principalmente al tratamiento digital de im\u00e1genes y de series de datos temporales de variables biof\u00edsicas as\u00ed como al desarrollo de nuevos algoritmos en Teledetecci\u00f3n aplicado a \u00a0los recursos h\u00eddricos.<\/p>\n<p style=\"text-align: justify;\">\u00a0A lo largo de su carrera ha participado en 24 proyectos de investigaci\u00f3n, tanto nacionales como internacionales. Ha publicado m\u00e1s de 25 art\u00edculos en revistas de alto impacto.<\/p>\n<p><script>\/\/ <![CDATA[\n(function(i,s,o,g,r,a,m){i['GoogleAnalyticsObject']=r;i[r]=i[r]||function(){ (i[r].q=i[r].q||[]).push(arguments)},i[r].l=1*new Date();a=s.createElement(o), m=s.getElementsByTagName(o)[0];a.async=1;a.src=g;m.parentNode.insertBefore(a,m) })(window,document,'script','\/\/www.google-analytics.com\/analytics.js','ga'); ga('create', 'UA-60992282-1', 'auto'); ga('send', 'pageview');\n\/\/ ]]><\/script><\/p>\n","protected":false},"excerpt":{"rendered":"<p>Universidad de Las Palmas de Gran Ganaria (ULPGC) Javier Marcello Ruiz Profesor Titular de Universidad adscrito al Instituto de Oceanograf\u00eda y Cambio Global de la Universidad de Las Palmas de Gran Canaria (ULPGC). Acredita una amplia experiencia de casi 2 d\u00e9cadas en el procesado multiespectral y multitemporal de im\u00e1genes de\u2026 <a class=\"continue-reading-link\" href=\"https:\/\/artemisat.ulpgc.es\/?page_id=329\">Continue reading<\/a><\/p>\n","protected":false},"author":2,"featured_media":0,"parent":32,"menu_order":0,"comment_status":"closed","ping_status":"closed","template":"templates\/template-onecolumn.php","meta":{"ngg_post_thumbnail":0},"_links":{"self":[{"href":"https:\/\/artemisat.ulpgc.es\/index.php?rest_route=\/wp\/v2\/pages\/329"}],"collection":[{"href":"https:\/\/artemisat.ulpgc.es\/index.php?rest_route=\/wp\/v2\/pages"}],"about":[{"href":"https:\/\/artemisat.ulpgc.es\/index.php?rest_route=\/wp\/v2\/types\/page"}],"author":[{"embeddable":true,"href":"https:\/\/artemisat.ulpgc.es\/index.php?rest_route=\/wp\/v2\/users\/2"}],"replies":[{"embeddable":true,"href":"https:\/\/artemisat.ulpgc.es\/index.php?rest_route=%2Fwp%2Fv2%2Fcomments&post=329"}],"version-history":[{"count":103,"href":"https:\/\/artemisat.ulpgc.es\/index.php?rest_route=\/wp\/v2\/pages\/329\/revisions"}],"predecessor-version":[{"id":1005,"href":"https:\/\/artemisat.ulpgc.es\/index.php?rest_route=\/wp\/v2\/pages\/329\/revisions\/1005"}],"up":[{"embeddable":true,"href":"https:\/\/artemisat.ulpgc.es\/index.php?rest_route=\/wp\/v2\/pages\/32"}],"wp:attachment":[{"href":"https:\/\/artemisat.ulpgc.es\/index.php?rest_route=%2Fwp%2Fv2%2Fmedia&parent=329"}],"curies":[{"name":"wp","href":"https:\/\/api.w.org\/{rel}","templated":true}]}}