{"id":41,"date":"2015-02-26T11:29:00","date_gmt":"2015-02-26T11:29:00","guid":{"rendered":"http:\/\/artemisat.ulpgc.es\/?page_id=41"},"modified":"2016-07-27T08:32:42","modified_gmt":"2016-07-27T08:32:42","slug":"costero","status":"publish","type":"page","link":"https:\/\/artemisat.ulpgc.es\/?page_id=41","title":{"rendered":"Teide"},"content":{"rendered":"<p style=\"text-align: left;\">\n<div class=\"ngg-galleryoverview\" id=\"ngg-gallery-1044-41\">\n\n\t<!-- Slideshow link -->\n\t<div class=\"slideshowlink\">\n\t\t<a class=\"slideshowlink\" href=\"https:\/\/artemisat.ulpgc.es\/index.php\/nggallery\/slideshow?page_id=41\">\n\t\t\tCobertura Vegetal del Parque Nacional del Teide\t\t<\/a>\n\t<\/div>\n\n\t<!-- Thumbnails -->\n    \t\t\n\t<div id=\"ngg-image-77\" class=\"ngg-gallery-thumbnail-box\" style=\"width:16%;\" >\n\t\t<div class=\"ngg-gallery-thumbnail\" >\n\t\t\t<a href=\"https:\/\/artemisat.ulpgc.es\/wp-content\/gallery\/teide-cobertura-vegetal\/compo_color.jpg\"\n               title=\"Composici\u00f3n a color\"\n               class=\"ngg-fancybox\" rel=\"1044\" data-image-id=\"77\" data-src=\"https:\/\/artemisat.ulpgc.es\/wp-content\/gallery\/teide-cobertura-vegetal\/compo_color.jpg\" data-thumbnail=\"https:\/\/artemisat.ulpgc.es\/wp-content\/gallery\/teide-cobertura-vegetal\/thumbs\/thumbs_compo_color.jpg\" data-title=\"compo_color\" data-description=\"Composici\u00f3n a color\" >\n\t\t\t\t\t\t\t\t<img title=\"compo_color\" alt=\"compo_color\" src=\"https:\/\/artemisat.ulpgc.es\/wp-content\/gallery\/teide-cobertura-vegetal\/thumbs\/thumbs_compo_color.jpg\" width='120' height='90' \/>\n\t\t\t\t\t\t\t<\/a>\n\t\t<\/div>\n\t<\/div>\n\n                        \n \t\t\n\t<div id=\"ngg-image-78\" class=\"ngg-gallery-thumbnail-box\" style=\"width:16%;\" >\n\t\t<div class=\"ngg-gallery-thumbnail\" >\n\t\t\t<a href=\"https:\/\/artemisat.ulpgc.es\/wp-content\/gallery\/teide-cobertura-vegetal\/ct_obia.jpg\"\n               title=\"Clasificaci\u00f3n de especies vegetales aplicando OBIA\"\n               class=\"ngg-fancybox\" rel=\"1044\" data-image-id=\"78\" data-src=\"https:\/\/artemisat.ulpgc.es\/wp-content\/gallery\/teide-cobertura-vegetal\/ct_obia.jpg\" data-thumbnail=\"https:\/\/artemisat.ulpgc.es\/wp-content\/gallery\/teide-cobertura-vegetal\/thumbs\/thumbs_ct_obia.jpg\" data-title=\"ct_obia\" data-description=\"Clasificaci\u00f3n de especies vegetales aplicando OBIA\" >\n\t\t\t\t\t\t\t\t<img title=\"ct_obia\" alt=\"ct_obia\" src=\"https:\/\/artemisat.ulpgc.es\/wp-content\/gallery\/teide-cobertura-vegetal\/thumbs\/thumbs_ct_obia.jpg\" width='120' height='90' \/>\n\t\t\t\t\t\t\t<\/a>\n\t\t<\/div>\n\t<\/div>\n\n                        \n \t\t\n\t<div id=\"ngg-image-79\" class=\"ngg-gallery-thumbnail-box\" style=\"width:16%;\" >\n\t\t<div class=\"ngg-gallery-thumbnail\" >\n\t\t\t<a href=\"https:\/\/artemisat.ulpgc.es\/wp-content\/gallery\/teide-cobertura-vegetal\/ct_svm.jpg\"\n               title=\"Clasificaci\u00f3n de especies vegetales aplicando SVM\"\n               class=\"ngg-fancybox\" rel=\"1044\" data-image-id=\"79\" data-src=\"https:\/\/artemisat.ulpgc.es\/wp-content\/gallery\/teide-cobertura-vegetal\/ct_svm.jpg\" data-thumbnail=\"https:\/\/artemisat.ulpgc.es\/wp-content\/gallery\/teide-cobertura-vegetal\/thumbs\/thumbs_ct_svm.jpg\" data-title=\"ct_svm\" data-description=\"Clasificaci\u00f3n de especies vegetales aplicando SVM\" >\n\t\t\t\t\t\t\t\t<img title=\"ct_svm\" alt=\"ct_svm\" src=\"https:\/\/artemisat.ulpgc.es\/wp-content\/gallery\/teide-cobertura-vegetal\/thumbs\/thumbs_ct_svm.jpg\" width='120' height='90' \/>\n\t\t\t\t\t\t\t<\/a>\n\t\t<\/div>\n\t<\/div>\n\n                        \n \t\t\n\t<div id=\"ngg-image-80\" class=\"ngg-gallery-thumbnail-box\" style=\"width:16%;\" >\n\t\t<div class=\"ngg-gallery-thumbnail\" >\n\t\t\t<a href=\"https:\/\/artemisat.ulpgc.es\/wp-content\/gallery\/teide-cobertura-vegetal\/cvt.jpg\"\n               title=\"Cobertura vegetal\"\n               class=\"ngg-fancybox\" rel=\"1044\" data-image-id=\"80\" data-src=\"https:\/\/artemisat.ulpgc.es\/wp-content\/gallery\/teide-cobertura-vegetal\/cvt.jpg\" data-thumbnail=\"https:\/\/artemisat.ulpgc.es\/wp-content\/gallery\/teide-cobertura-vegetal\/thumbs\/thumbs_cvt.jpg\" data-title=\"cvt\" data-description=\"Cobertura vegetal\" >\n\t\t\t\t\t\t\t\t<img title=\"cvt\" alt=\"cvt\" src=\"https:\/\/artemisat.ulpgc.es\/wp-content\/gallery\/teide-cobertura-vegetal\/thumbs\/thumbs_cvt.jpg\" width='120' height='90' \/>\n\t\t\t\t\t\t\t<\/a>\n\t\t<\/div>\n\t<\/div>\n\n                        \n \t \t\n\t<!-- Pagination -->\n \t<div class='ngg-clear'><\/div> \t\n<\/div>\n\n<\/p>\n<p style=\"text-align: left;\">\n<div class=\"ngg-galleryoverview\" id=\"ngg-gallery-1119-41\">\n\n\t<!-- Slideshow link -->\n\t<div class=\"slideshowlink\">\n\t\t<a class=\"slideshowlink\" href=\"https:\/\/artemisat.ulpgc.es\/index.php\/nggallery\/slideshow?page_id=41\">\n\t\t\tEvoluci\u00f3n temporal de la floraci\u00f3n a trav\u00e9s de la webcam del Centro de Investigaciones Atmosf\u00e9ricas de Iza\u00f1a (AEMET)\t\t<\/a>\n\t<\/div>\n\n\t<!-- Thumbnails -->\n    \t\t\n\t<div id=\"ngg-image-110\" class=\"ngg-gallery-thumbnail-box\" style=\"width:16%;\" >\n\t\t<div class=\"ngg-gallery-thumbnail\" >\n\t\t\t<a href=\"https:\/\/artemisat.ulpgc.es\/wp-content\/gallery\/teide-floracion-2\/15marzo_abril2015.jpg\"\n               title=\"15 de abril\/marzo de 2015\"\n               class=\"ngg-fancybox\" rel=\"1119\" data-image-id=\"110\" data-src=\"https:\/\/artemisat.ulpgc.es\/wp-content\/gallery\/teide-floracion-2\/15marzo_abril2015.jpg\" data-thumbnail=\"https:\/\/artemisat.ulpgc.es\/wp-content\/gallery\/teide-floracion-2\/thumbs\/thumbs_15marzo_abril2015.jpg\" data-title=\"15marzo_abril2015\" data-description=\"15 de abril\/marzo de 2015\" >\n\t\t\t\t\t\t\t\t<img title=\"15marzo_abril2015\" alt=\"15marzo_abril2015\" src=\"https:\/\/artemisat.ulpgc.es\/wp-content\/gallery\/teide-floracion-2\/thumbs\/thumbs_15marzo_abril2015.jpg\" width='120' height='90' \/>\n\t\t\t\t\t\t\t<\/a>\n\t\t<\/div>\n\t<\/div>\n\n                        \n \t\t\n\t<div id=\"ngg-image-112\" class=\"ngg-gallery-thumbnail-box\" style=\"width:16%;\" >\n\t\t<div class=\"ngg-gallery-thumbnail\" >\n\t\t\t<a href=\"https:\/\/artemisat.ulpgc.es\/wp-content\/gallery\/teide-floracion-2\/1mayo2015.jpg\"\n               title=\"1 de mayo de 2015\"\n               class=\"ngg-fancybox\" rel=\"1119\" data-image-id=\"112\" data-src=\"https:\/\/artemisat.ulpgc.es\/wp-content\/gallery\/teide-floracion-2\/1mayo2015.jpg\" data-thumbnail=\"https:\/\/artemisat.ulpgc.es\/wp-content\/gallery\/teide-floracion-2\/thumbs\/thumbs_1mayo2015.jpg\" data-title=\"1mayo2015\" data-description=\"1 de mayo de 2015\" >\n\t\t\t\t\t\t\t\t<img title=\"1mayo2015\" alt=\"1mayo2015\" src=\"https:\/\/artemisat.ulpgc.es\/wp-content\/gallery\/teide-floracion-2\/thumbs\/thumbs_1mayo2015.jpg\" width='120' height='90' \/>\n\t\t\t\t\t\t\t<\/a>\n\t\t<\/div>\n\t<\/div>\n\n                        \n \t\t\n\t<div id=\"ngg-image-109\" class=\"ngg-gallery-thumbnail-box\" style=\"width:16%;\" >\n\t\t<div class=\"ngg-gallery-thumbnail\" >\n\t\t\t<a href=\"https:\/\/artemisat.ulpgc.es\/wp-content\/gallery\/teide-floracion-2\/15mayo2015.jpg\"\n               title=\"15 de Mayo de 2015\"\n               class=\"ngg-fancybox\" rel=\"1119\" data-image-id=\"109\" data-src=\"https:\/\/artemisat.ulpgc.es\/wp-content\/gallery\/teide-floracion-2\/15mayo2015.jpg\" data-thumbnail=\"https:\/\/artemisat.ulpgc.es\/wp-content\/gallery\/teide-floracion-2\/thumbs\/thumbs_15mayo2015.jpg\" data-title=\"15mayo2015\" data-description=\"15 de Mayo de 2015\" >\n\t\t\t\t\t\t\t\t<img title=\"15mayo2015\" alt=\"15mayo2015\" src=\"https:\/\/artemisat.ulpgc.es\/wp-content\/gallery\/teide-floracion-2\/thumbs\/thumbs_15mayo2015.jpg\" width='120' height='90' \/>\n\t\t\t\t\t\t\t<\/a>\n\t\t<\/div>\n\t<\/div>\n\n                        \n \t\t\n\t<div id=\"ngg-image-113\" class=\"ngg-gallery-thumbnail-box\" style=\"width:16%;\" >\n\t\t<div class=\"ngg-gallery-thumbnail\" >\n\t\t\t<a href=\"https:\/\/artemisat.ulpgc.es\/wp-content\/gallery\/teide-floracion-2\/1junio2015.jpg\"\n               title=\"1 de junio de 2015\"\n               class=\"ngg-fancybox\" rel=\"1119\" data-image-id=\"113\" data-src=\"https:\/\/artemisat.ulpgc.es\/wp-content\/gallery\/teide-floracion-2\/1junio2015.jpg\" data-thumbnail=\"https:\/\/artemisat.ulpgc.es\/wp-content\/gallery\/teide-floracion-2\/thumbs\/thumbs_1junio2015.jpg\" data-title=\"1junio2015\" data-description=\"1 de junio de 2015\" >\n\t\t\t\t\t\t\t\t<img title=\"1junio2015\" alt=\"1junio2015\" src=\"https:\/\/artemisat.ulpgc.es\/wp-content\/gallery\/teide-floracion-2\/thumbs\/thumbs_1junio2015.jpg\" width='120' height='90' \/>\n\t\t\t\t\t\t\t<\/a>\n\t\t<\/div>\n\t<\/div>\n\n                        \n \t\t\n\t<div id=\"ngg-image-111\" class=\"ngg-gallery-thumbnail-box\" style=\"width:16%;\" >\n\t\t<div class=\"ngg-gallery-thumbnail\" >\n\t\t\t<a href=\"https:\/\/artemisat.ulpgc.es\/wp-content\/gallery\/teide-floracion-2\/15junio2015.jpg\"\n               title=\"15 de junio de 2015\"\n               class=\"ngg-fancybox\" rel=\"1119\" data-image-id=\"111\" data-src=\"https:\/\/artemisat.ulpgc.es\/wp-content\/gallery\/teide-floracion-2\/15junio2015.jpg\" data-thumbnail=\"https:\/\/artemisat.ulpgc.es\/wp-content\/gallery\/teide-floracion-2\/thumbs\/thumbs_15junio2015.jpg\" data-title=\"15junio2015\" data-description=\"15 de junio de 2015\" >\n\t\t\t\t\t\t\t\t<img title=\"15junio2015\" alt=\"15junio2015\" src=\"https:\/\/artemisat.ulpgc.es\/wp-content\/gallery\/teide-floracion-2\/thumbs\/thumbs_15junio2015.jpg\" width='120' height='90' \/>\n\t\t\t\t\t\t\t<\/a>\n\t\t<\/div>\n\t<\/div>\n\n                        \n \t\t\n\t<div id=\"ngg-image-114\" class=\"ngg-gallery-thumbnail-box\" style=\"width:16%;\" >\n\t\t<div class=\"ngg-gallery-thumbnail\" >\n\t\t\t<a href=\"https:\/\/artemisat.ulpgc.es\/wp-content\/gallery\/teide-floracion-2\/1julio2015.jpg\"\n               title=\"1 de julio de 2015\"\n               class=\"ngg-fancybox\" rel=\"1119\" data-image-id=\"114\" data-src=\"https:\/\/artemisat.ulpgc.es\/wp-content\/gallery\/teide-floracion-2\/1julio2015.jpg\" data-thumbnail=\"https:\/\/artemisat.ulpgc.es\/wp-content\/gallery\/teide-floracion-2\/thumbs\/thumbs_1julio2015.jpg\" data-title=\"1julio2015\" data-description=\"1 de julio de 2015\" >\n\t\t\t\t\t\t\t\t<img title=\"1julio2015\" alt=\"1julio2015\" src=\"https:\/\/artemisat.ulpgc.es\/wp-content\/gallery\/teide-floracion-2\/thumbs\/thumbs_1julio2015.jpg\" width='120' height='90' \/>\n\t\t\t\t\t\t\t<\/a>\n\t\t<\/div>\n\t<\/div>\n\n                            <br style=\"clear: both\" \/>\n                \n \t \t\n\t<!-- Pagination -->\n \t<div class='ngg-clear'><\/div> \t\n<\/div>\n\n<\/p>\n<p style=\"text-align: left;\">\n<div class=\"ngg-galleryoverview\" id=\"ngg-gallery-1045-41\">\n\n\t<!-- Slideshow link -->\n\t<div class=\"slideshowlink\">\n\t\t<a class=\"slideshowlink\" href=\"https:\/\/artemisat.ulpgc.es\/index.php\/nggallery\/slideshow?page_id=41\">\n\t\t\tEvoluci\u00f3n temporal de la floraci\u00f3n a trav\u00e9s de la webcam del Observatorio de Iza\u00f1a (IAC)\t\t<\/a>\n\t<\/div>\n\n\t<!-- Thumbnails -->\n    \t\t\n\t<div id=\"ngg-image-86\" class=\"ngg-gallery-thumbnail-box\" style=\"width:16%;\" >\n\t\t<div class=\"ngg-gallery-thumbnail\" >\n\t\t\t<a href=\"https:\/\/artemisat.ulpgc.es\/wp-content\/gallery\/teide-floracion\/15marzo_abril_2015.jpg\"\n               title=\"15 de abril de 2015\"\n               class=\"ngg-fancybox\" rel=\"1045\" data-image-id=\"86\" data-src=\"https:\/\/artemisat.ulpgc.es\/wp-content\/gallery\/teide-floracion\/15marzo_abril_2015.jpg\" data-thumbnail=\"https:\/\/artemisat.ulpgc.es\/wp-content\/gallery\/teide-floracion\/thumbs\/thumbs_15marzo_abril_2015.jpg\" data-title=\"15marzo_abril_2015\" data-description=\"15 de abril de 2015\" >\n\t\t\t\t\t\t\t\t<img title=\"15marzo_abril_2015\" alt=\"15marzo_abril_2015\" src=\"https:\/\/artemisat.ulpgc.es\/wp-content\/gallery\/teide-floracion\/thumbs\/thumbs_15marzo_abril_2015.jpg\" width='120' height='90' \/>\n\t\t\t\t\t\t\t<\/a>\n\t\t<\/div>\n\t<\/div>\n\n                        \n \t\t\n\t<div id=\"ngg-image-83\" class=\"ngg-gallery-thumbnail-box\" style=\"width:16%;\" >\n\t\t<div class=\"ngg-gallery-thumbnail\" >\n\t\t\t<a href=\"https:\/\/artemisat.ulpgc.es\/wp-content\/gallery\/teide-floracion\/1-mayo-2015.jpg\"\n               title=\"1 de mayo de 2015\"\n               class=\"ngg-fancybox\" rel=\"1045\" data-image-id=\"83\" data-src=\"https:\/\/artemisat.ulpgc.es\/wp-content\/gallery\/teide-floracion\/1-mayo-2015.jpg\" data-thumbnail=\"https:\/\/artemisat.ulpgc.es\/wp-content\/gallery\/teide-floracion\/thumbs\/thumbs_1-mayo-2015.jpg\" data-title=\"1 mayo 2015\" data-description=\"1 de mayo de 2015\" >\n\t\t\t\t\t\t\t\t<img title=\"1 mayo 2015\" alt=\"1 mayo 2015\" src=\"https:\/\/artemisat.ulpgc.es\/wp-content\/gallery\/teide-floracion\/thumbs\/thumbs_1-mayo-2015.jpg\" width='120' height='90' \/>\n\t\t\t\t\t\t\t<\/a>\n\t\t<\/div>\n\t<\/div>\n\n                        \n \t\t\n\t<div id=\"ngg-image-85\" class=\"ngg-gallery-thumbnail-box\" style=\"width:16%;\" >\n\t\t<div class=\"ngg-gallery-thumbnail\" >\n\t\t\t<a href=\"https:\/\/artemisat.ulpgc.es\/wp-content\/gallery\/teide-floracion\/15-mayo-2015.jpg\"\n               title=\"15 de mayo de 2015\"\n               class=\"ngg-fancybox\" rel=\"1045\" data-image-id=\"85\" data-src=\"https:\/\/artemisat.ulpgc.es\/wp-content\/gallery\/teide-floracion\/15-mayo-2015.jpg\" data-thumbnail=\"https:\/\/artemisat.ulpgc.es\/wp-content\/gallery\/teide-floracion\/thumbs\/thumbs_15-mayo-2015.jpg\" data-title=\"15 mayo 2015\" data-description=\"15 de mayo de 2015\" >\n\t\t\t\t\t\t\t\t<img title=\"15 mayo 2015\" alt=\"15 mayo 2015\" src=\"https:\/\/artemisat.ulpgc.es\/wp-content\/gallery\/teide-floracion\/thumbs\/thumbs_15-mayo-2015.jpg\" width='120' height='90' \/>\n\t\t\t\t\t\t\t<\/a>\n\t\t<\/div>\n\t<\/div>\n\n                        \n \t\t\n\t<div id=\"ngg-image-82\" class=\"ngg-gallery-thumbnail-box\" style=\"width:16%;\" >\n\t\t<div class=\"ngg-gallery-thumbnail\" >\n\t\t\t<a href=\"https:\/\/artemisat.ulpgc.es\/wp-content\/gallery\/teide-floracion\/1-junio-2015.jpg\"\n               title=\"1 de junio de 2015\"\n               class=\"ngg-fancybox\" rel=\"1045\" data-image-id=\"82\" data-src=\"https:\/\/artemisat.ulpgc.es\/wp-content\/gallery\/teide-floracion\/1-junio-2015.jpg\" data-thumbnail=\"https:\/\/artemisat.ulpgc.es\/wp-content\/gallery\/teide-floracion\/thumbs\/thumbs_1-junio-2015.jpg\" data-title=\"1 junio 2015\" data-description=\"1 de junio de 2015\" >\n\t\t\t\t\t\t\t\t<img title=\"1 junio 2015\" alt=\"1 junio 2015\" src=\"https:\/\/artemisat.ulpgc.es\/wp-content\/gallery\/teide-floracion\/thumbs\/thumbs_1-junio-2015.jpg\" width='120' height='90' \/>\n\t\t\t\t\t\t\t<\/a>\n\t\t<\/div>\n\t<\/div>\n\n                        \n \t\t\n\t<div id=\"ngg-image-84\" class=\"ngg-gallery-thumbnail-box\" style=\"width:16%;\" >\n\t\t<div class=\"ngg-gallery-thumbnail\" >\n\t\t\t<a href=\"https:\/\/artemisat.ulpgc.es\/wp-content\/gallery\/teide-floracion\/15-junio-2015.jpg\"\n               title=\"15 de junio de 2015\"\n               class=\"ngg-fancybox\" rel=\"1045\" data-image-id=\"84\" data-src=\"https:\/\/artemisat.ulpgc.es\/wp-content\/gallery\/teide-floracion\/15-junio-2015.jpg\" data-thumbnail=\"https:\/\/artemisat.ulpgc.es\/wp-content\/gallery\/teide-floracion\/thumbs\/thumbs_15-junio-2015.jpg\" data-title=\"15 junio 2015\" data-description=\"15 de junio de 2015\" >\n\t\t\t\t\t\t\t\t<img title=\"15 junio 2015\" alt=\"15 junio 2015\" src=\"https:\/\/artemisat.ulpgc.es\/wp-content\/gallery\/teide-floracion\/thumbs\/thumbs_15-junio-2015.jpg\" width='120' height='90' \/>\n\t\t\t\t\t\t\t<\/a>\n\t\t<\/div>\n\t<\/div>\n\n                        \n \t\t\n\t<div id=\"ngg-image-81\" class=\"ngg-gallery-thumbnail-box\" style=\"width:16%;\" >\n\t\t<div class=\"ngg-gallery-thumbnail\" >\n\t\t\t<a href=\"https:\/\/artemisat.ulpgc.es\/wp-content\/gallery\/teide-floracion\/1-julio-2015.jpg\"\n               title=\"1 de julio de 2015\"\n               class=\"ngg-fancybox\" rel=\"1045\" data-image-id=\"81\" data-src=\"https:\/\/artemisat.ulpgc.es\/wp-content\/gallery\/teide-floracion\/1-julio-2015.jpg\" data-thumbnail=\"https:\/\/artemisat.ulpgc.es\/wp-content\/gallery\/teide-floracion\/thumbs\/thumbs_1-julio-2015.jpg\" data-title=\"1 julio 2015\" data-description=\"1 de julio de 2015\" >\n\t\t\t\t\t\t\t\t<img title=\"1 julio 2015\" alt=\"1 julio 2015\" src=\"https:\/\/artemisat.ulpgc.es\/wp-content\/gallery\/teide-floracion\/thumbs\/thumbs_1-julio-2015.jpg\" width='120' height='90' \/>\n\t\t\t\t\t\t\t<\/a>\n\t\t<\/div>\n\t<\/div>\n\n                            <br style=\"clear: both\" \/>\n                \n \t \t\n\t<!-- Pagination -->\n \t<div class='ngg-clear'><\/div> \t\n<\/div>\n\n<\/p>\n<p style=\"text-align: left;\">\n<div class=\"ngg-galleryoverview\" id=\"ngg-gallery-1054-41\">\n\n\t<!-- Slideshow link -->\n\t<div class=\"slideshowlink\">\n\t\t<a class=\"slideshowlink\" href=\"https:\/\/artemisat.ulpgc.es\/index.php\/nggallery\/slideshow?page_id=41\">\n\t\t\tEstudio multitemporal de nieve\t\t<\/a>\n\t<\/div>\n\n\t<!-- Thumbnails -->\n    \t\t\n\t<div id=\"ngg-image-93\" class=\"ngg-gallery-thumbnail-box\" style=\"width:16%;\" >\n\t\t<div class=\"ngg-gallery-thumbnail\" >\n\t\t\t<a href=\"https:\/\/artemisat.ulpgc.es\/wp-content\/gallery\/teide-estudio-multitemporal-de-nieve\/2014.jpg\"\n               title=\"Evoluci\u00f3n temporal nieve en el a\u00f1o 2014\"\n               class=\"ngg-fancybox\" rel=\"1054\" data-image-id=\"93\" data-src=\"https:\/\/artemisat.ulpgc.es\/wp-content\/gallery\/teide-estudio-multitemporal-de-nieve\/2014.jpg\" data-thumbnail=\"https:\/\/artemisat.ulpgc.es\/wp-content\/gallery\/teide-estudio-multitemporal-de-nieve\/thumbs\/thumbs_2014.jpg\" data-title=\"2014\" data-description=\"Evoluci\u00f3n temporal nieve en el a\u00f1o 2014\" >\n\t\t\t\t\t\t\t\t<img title=\"2014\" alt=\"2014\" src=\"https:\/\/artemisat.ulpgc.es\/wp-content\/gallery\/teide-estudio-multitemporal-de-nieve\/thumbs\/thumbs_2014.jpg\" width='120' height='90' \/>\n\t\t\t\t\t\t\t<\/a>\n\t\t<\/div>\n\t<\/div>\n\n                        \n \t\t\n\t<div id=\"ngg-image-94\" class=\"ngg-gallery-thumbnail-box\" style=\"width:16%;\" >\n\t\t<div class=\"ngg-gallery-thumbnail\" >\n\t\t\t<a href=\"https:\/\/artemisat.ulpgc.es\/wp-content\/gallery\/teide-estudio-multitemporal-de-nieve\/marzo.jpg\"\n               title=\"Presencia de nieve en el mes de marzo desde 2003 a 2014\"\n               class=\"ngg-fancybox\" rel=\"1054\" data-image-id=\"94\" data-src=\"https:\/\/artemisat.ulpgc.es\/wp-content\/gallery\/teide-estudio-multitemporal-de-nieve\/marzo.jpg\" data-thumbnail=\"https:\/\/artemisat.ulpgc.es\/wp-content\/gallery\/teide-estudio-multitemporal-de-nieve\/thumbs\/thumbs_marzo.jpg\" data-title=\"marzo\" data-description=\"Presencia de nieve en el mes de marzo desde 2003 a 2014\" >\n\t\t\t\t\t\t\t\t<img title=\"marzo\" alt=\"marzo\" src=\"https:\/\/artemisat.ulpgc.es\/wp-content\/gallery\/teide-estudio-multitemporal-de-nieve\/thumbs\/thumbs_marzo.jpg\" width='120' height='90' \/>\n\t\t\t\t\t\t\t<\/a>\n\t\t<\/div>\n\t<\/div>\n\n                        \n \t\t\n\t<div id=\"ngg-image-95\" class=\"ngg-gallery-thumbnail-box\" style=\"width:16%;\" >\n\t\t<div class=\"ngg-gallery-thumbnail\" >\n\t\t\t<a href=\"https:\/\/artemisat.ulpgc.es\/wp-content\/gallery\/teide-estudio-multitemporal-de-nieve\/persistencia.jpg\"\n               title=\"Mapa de persistencia espacial de nieve desde 2000 a 2014\"\n               class=\"ngg-fancybox\" rel=\"1054\" data-image-id=\"95\" data-src=\"https:\/\/artemisat.ulpgc.es\/wp-content\/gallery\/teide-estudio-multitemporal-de-nieve\/persistencia.jpg\" data-thumbnail=\"https:\/\/artemisat.ulpgc.es\/wp-content\/gallery\/teide-estudio-multitemporal-de-nieve\/thumbs\/thumbs_persistencia.jpg\" data-title=\"persistencia\" data-description=\"Mapa de persistencia espacial de nieve desde 2000 a 2014\" >\n\t\t\t\t\t\t\t\t<img title=\"persistencia\" alt=\"persistencia\" src=\"https:\/\/artemisat.ulpgc.es\/wp-content\/gallery\/teide-estudio-multitemporal-de-nieve\/thumbs\/thumbs_persistencia.jpg\" width='120' height='90' \/>\n\t\t\t\t\t\t\t<\/a>\n\t\t<\/div>\n\t<\/div>\n\n                        \n \t \t\n\t<!-- Pagination -->\n \t<div class='ngg-clear'><\/div> \t\n<\/div>\n\n<\/p>\n<p style=\"text-align: left;\"><script>\/\/ <![CDATA[\n(function(i,s,o,g,r,a,m){i['GoogleAnalyticsObject']=r;i[r]=i[r]||function(){ (i[r].q=i[r].q||[]).push(arguments)},i[r].l=1*new Date();a=s.createElement(o), m=s.getElementsByTagName(o)[0];a.async=1;a.src=g;m.parentNode.insertBefore(a,m) })(window,document,'script','\/\/www.google-analytics.com\/analytics.js','ga'); ga('create', 'UA-60992282-1', 'auto'); ga('send', 'pageview');\n\/\/ ]]><\/script><\/p>\n<p style=\"text-align: center;\"><strong><span style=\"font-size: 14pt; color: #333399;\">Animaci\u00f3n de dos zonas del Parque Nacional del Teide donde se observa la cubierta vegetal<\/span><\/strong><\/p>\n<p style=\"text-align: center;\"><iframe loading=\"lazy\" src=\"https:\/\/www.youtube.com\/embed\/Rcq2QlP4sP8?rel=0\" width=\"560\" height=\"315\" frameborder=\"0\" allowfullscreen=\"allowfullscreen\"><\/iframe><\/p>\n","protected":false},"excerpt":{"rendered":"<p>Cobertura Vegetal del Parque Nacional del Teide Evoluci\u00f3n temporal de la floraci\u00f3n a trav\u00e9s de la webcam del Centro de Investigaciones Atmosf\u00e9ricas de Iza\u00f1a (AEMET) Evoluci\u00f3n temporal de la floraci\u00f3n a trav\u00e9s de la webcam del Observatorio de Iza\u00f1a (IAC) Estudio multitemporal de nieve Animaci\u00f3n de dos zonas del Parque\u2026 <a class=\"continue-reading-link\" href=\"https:\/\/artemisat.ulpgc.es\/?page_id=41\">Continue reading<\/a><\/p>\n","protected":false},"author":2,"featured_media":0,"parent":37,"menu_order":0,"comment_status":"closed","ping_status":"closed","template":"templates\/template-onecolumn.php","meta":{"ngg_post_thumbnail":0},"_links":{"self":[{"href":"https:\/\/artemisat.ulpgc.es\/index.php?rest_route=\/wp\/v2\/pages\/41"}],"collection":[{"href":"https:\/\/artemisat.ulpgc.es\/index.php?rest_route=\/wp\/v2\/pages"}],"about":[{"href":"https:\/\/artemisat.ulpgc.es\/index.php?rest_route=\/wp\/v2\/types\/page"}],"author":[{"embeddable":true,"href":"https:\/\/artemisat.ulpgc.es\/index.php?rest_route=\/wp\/v2\/users\/2"}],"replies":[{"embeddable":true,"href":"https:\/\/artemisat.ulpgc.es\/index.php?rest_route=%2Fwp%2Fv2%2Fcomments&post=41"}],"version-history":[{"count":12,"href":"https:\/\/artemisat.ulpgc.es\/index.php?rest_route=\/wp\/v2\/pages\/41\/revisions"}],"predecessor-version":[{"id":1193,"href":"https:\/\/artemisat.ulpgc.es\/index.php?rest_route=\/wp\/v2\/pages\/41\/revisions\/1193"}],"up":[{"embeddable":true,"href":"https:\/\/artemisat.ulpgc.es\/index.php?rest_route=\/wp\/v2\/pages\/37"}],"wp:attachment":[{"href":"https:\/\/artemisat.ulpgc.es\/index.php?rest_route=%2Fwp%2Fv2%2Fmedia&parent=41"}],"curies":[{"name":"wp","href":"https:\/\/api.w.org\/{rel}","templated":true}]}}