{"id":43,"date":"2015-02-26T11:29:18","date_gmt":"2015-02-26T11:29:18","guid":{"rendered":"http:\/\/artemisat.ulpgc.es\/?page_id=43"},"modified":"2016-07-27T08:34:32","modified_gmt":"2016-07-27T08:34:32","slug":"terrestre","status":"publish","type":"page","link":"https:\/\/artemisat.ulpgc.es\/?page_id=43","title":{"rendered":"Maspalomas"},"content":{"rendered":"<p>\n<div class=\"ngg-galleryoverview\" id=\"ngg-gallery-1144-43\">\n\n\t<!-- Slideshow link -->\n\t<div class=\"slideshowlink\">\n\t\t<a class=\"slideshowlink\" href=\"https:\/\/artemisat.ulpgc.es\/index.php\/nggallery\/slideshow?page_id=43\">\n\t\t\tBatimetr\u00eda de la costa de Maspalomas\t\t<\/a>\n\t<\/div>\n\n\t<!-- Thumbnails -->\n    \t\t\n\t<div id=\"ngg-image-118\" class=\"ngg-gallery-thumbnail-box\" style=\"width:16%;\" >\n\t\t<div class=\"ngg-gallery-thumbnail\" >\n\t\t\t<a href=\"https:\/\/artemisat.ulpgc.es\/wp-content\/gallery\/mp_batimetria\/MP_batimetria.JPG\"\n               title=\"Batimetr\u00eda de la costa de Maspalomas\"\n               class=\"ngg-fancybox\" rel=\"1144\" data-image-id=\"118\" data-src=\"https:\/\/artemisat.ulpgc.es\/wp-content\/gallery\/mp_batimetria\/MP_batimetria.JPG\" data-thumbnail=\"https:\/\/artemisat.ulpgc.es\/wp-content\/gallery\/mp_batimetria\/thumbs\/thumbs_MP_batimetria.JPG\" data-title=\"MP_batimetria\" data-description=\"Batimetr\u00eda de la costa de Maspalomas\" >\n\t\t\t\t\t\t\t\t<img title=\"MP_batimetria\" alt=\"MP_batimetria\" src=\"https:\/\/artemisat.ulpgc.es\/wp-content\/gallery\/mp_batimetria\/thumbs\/thumbs_MP_batimetria.JPG\" width='120' height='90' \/>\n\t\t\t\t\t\t\t<\/a>\n\t\t<\/div>\n\t<\/div>\n\n                        \n \t \t\n\t<!-- Pagination -->\n \t<div class='ngg-clear'><\/div> \t\n<\/div>\n\n<\/p>\n<p>\n<div class=\"ngg-galleryoverview\" id=\"ngg-gallery-1142-43\">\n\n\t<!-- Slideshow link -->\n\t<div class=\"slideshowlink\">\n\t\t<a class=\"slideshowlink\" href=\"https:\/\/artemisat.ulpgc.es\/index.php\/nggallery\/slideshow?page_id=43\">\n\t\t\tMedida de la calidad de agua en la costa de Maspalomas\t\t<\/a>\n\t<\/div>\n\n\t<!-- Thumbnails -->\n    \t\t\n\t<div id=\"ngg-image-115\" class=\"ngg-gallery-thumbnail-box\" style=\"width:16%;\" >\n\t\t<div class=\"ngg-gallery-thumbnail\" >\n\t\t\t<a href=\"https:\/\/artemisat.ulpgc.es\/wp-content\/gallery\/mp_calidad_agua\/MP_calidad_agua_cdom.JPG\"\n               title=\"Colored dissolved organic matter (CDOM)\"\n               class=\"ngg-fancybox\" rel=\"1142\" data-image-id=\"115\" data-src=\"https:\/\/artemisat.ulpgc.es\/wp-content\/gallery\/mp_calidad_agua\/MP_calidad_agua_cdom.JPG\" data-thumbnail=\"https:\/\/artemisat.ulpgc.es\/wp-content\/gallery\/mp_calidad_agua\/thumbs\/thumbs_MP_calidad_agua_cdom.JPG\" data-title=\"MP_calidad_agua_cdom\" data-description=\"Colored dissolved organic matter (CDOM)\" >\n\t\t\t\t\t\t\t\t<img title=\"MP_calidad_agua_cdom\" alt=\"MP_calidad_agua_cdom\" src=\"https:\/\/artemisat.ulpgc.es\/wp-content\/gallery\/mp_calidad_agua\/thumbs\/thumbs_MP_calidad_agua_cdom.JPG\" width='120' height='90' \/>\n\t\t\t\t\t\t\t<\/a>\n\t\t<\/div>\n\t<\/div>\n\n                        \n \t\t\n\t<div id=\"ngg-image-116\" class=\"ngg-gallery-thumbnail-box\" style=\"width:16%;\" >\n\t\t<div class=\"ngg-gallery-thumbnail\" >\n\t\t\t<a href=\"https:\/\/artemisat.ulpgc.es\/wp-content\/gallery\/mp_calidad_agua\/MP_calidad_agua_clorofila.JPG\"\n               title=\"Densidad de clorofila\"\n               class=\"ngg-fancybox\" rel=\"1142\" data-image-id=\"116\" data-src=\"https:\/\/artemisat.ulpgc.es\/wp-content\/gallery\/mp_calidad_agua\/MP_calidad_agua_clorofila.JPG\" data-thumbnail=\"https:\/\/artemisat.ulpgc.es\/wp-content\/gallery\/mp_calidad_agua\/thumbs\/thumbs_MP_calidad_agua_clorofila.JPG\" data-title=\"MP_calidad_agua_clorofila\" data-description=\"Densidad de clorofila\" >\n\t\t\t\t\t\t\t\t<img title=\"MP_calidad_agua_clorofila\" alt=\"MP_calidad_agua_clorofila\" src=\"https:\/\/artemisat.ulpgc.es\/wp-content\/gallery\/mp_calidad_agua\/thumbs\/thumbs_MP_calidad_agua_clorofila.JPG\" width='120' height='90' \/>\n\t\t\t\t\t\t\t<\/a>\n\t\t<\/div>\n\t<\/div>\n\n                        \n \t\t\n\t<div id=\"ngg-image-117\" class=\"ngg-gallery-thumbnail-box\" style=\"width:16%;\" >\n\t\t<div class=\"ngg-gallery-thumbnail\" >\n\t\t\t<a href=\"https:\/\/artemisat.ulpgc.es\/wp-content\/gallery\/mp_calidad_agua\/MP_calidad_agua_materia_suspendida.JPG\"\n               title=\"Distribuci\u00f3n de materia suspendida\"\n               class=\"ngg-fancybox\" rel=\"1142\" data-image-id=\"117\" data-src=\"https:\/\/artemisat.ulpgc.es\/wp-content\/gallery\/mp_calidad_agua\/MP_calidad_agua_materia_suspendida.JPG\" data-thumbnail=\"https:\/\/artemisat.ulpgc.es\/wp-content\/gallery\/mp_calidad_agua\/thumbs\/thumbs_MP_calidad_agua_materia_suspendida.JPG\" data-title=\"MP_calidad_agua_materia_suspendida\" data-description=\"Distribuci\u00f3n de materia suspendida\" >\n\t\t\t\t\t\t\t\t<img title=\"MP_calidad_agua_materia_suspendida\" alt=\"MP_calidad_agua_materia_suspendida\" src=\"https:\/\/artemisat.ulpgc.es\/wp-content\/gallery\/mp_calidad_agua\/thumbs\/thumbs_MP_calidad_agua_materia_suspendida.JPG\" width='120' height='90' \/>\n\t\t\t\t\t\t\t<\/a>\n\t\t<\/div>\n\t<\/div>\n\n                        \n \t \t\n\t<!-- Pagination -->\n \t<div class='ngg-clear'><\/div> \t\n<\/div>\n\n<\/p>\n<p>\n<div class=\"ngg-galleryoverview\" id=\"ngg-gallery-1152-43\">\n\n\t<!-- Slideshow link -->\n\t<div class=\"slideshowlink\">\n\t\t<a class=\"slideshowlink\" href=\"https:\/\/artemisat.ulpgc.es\/index.php\/nggallery\/slideshow?page_id=43\">\n\t\t\tClasificaci\u00f3n del fondo marino de la costa de Maspalomas\t\t<\/a>\n\t<\/div>\n\n\t<!-- Thumbnails -->\n    \t\t\n\t<div id=\"ngg-image-124\" class=\"ngg-gallery-thumbnail-box\" style=\"width:16%;\" >\n\t\t<div class=\"ngg-gallery-thumbnail\" >\n\t\t\t<a href=\"https:\/\/artemisat.ulpgc.es\/wp-content\/gallery\/MP_clasificacion_fondo_marino\/MP_cfm_obia.png\"\n               title=\"Producto aplicando t\u00e9cnicas OBIA\"\n               class=\"ngg-fancybox\" rel=\"1152\" data-image-id=\"124\" data-src=\"https:\/\/artemisat.ulpgc.es\/wp-content\/gallery\/MP_clasificacion_fondo_marino\/MP_cfm_obia.png\" data-thumbnail=\"https:\/\/artemisat.ulpgc.es\/wp-content\/gallery\/MP_clasificacion_fondo_marino\/thumbs\/thumbs_MP_cfm_obia.png\" data-title=\"MP_cfm_obia\" data-description=\"Producto aplicando t\u00e9cnicas OBIA\" >\n\t\t\t\t\t\t\t\t<img title=\"MP_cfm_obia\" alt=\"MP_cfm_obia\" src=\"https:\/\/artemisat.ulpgc.es\/wp-content\/gallery\/MP_clasificacion_fondo_marino\/thumbs\/thumbs_MP_cfm_obia.png\" width='120' height='90' \/>\n\t\t\t\t\t\t\t<\/a>\n\t\t<\/div>\n\t<\/div>\n\n                        \n \t\t\n\t<div id=\"ngg-image-125\" class=\"ngg-gallery-thumbnail-box\" style=\"width:16%;\" >\n\t\t<div class=\"ngg-gallery-thumbnail\" >\n\t\t\t<a href=\"https:\/\/artemisat.ulpgc.es\/wp-content\/gallery\/MP_clasificacion_fondo_marino\/MP_cfm_svm.png\"\n               title=\"Producto aplicando SVM\"\n               class=\"ngg-fancybox\" rel=\"1152\" data-image-id=\"125\" data-src=\"https:\/\/artemisat.ulpgc.es\/wp-content\/gallery\/MP_clasificacion_fondo_marino\/MP_cfm_svm.png\" data-thumbnail=\"https:\/\/artemisat.ulpgc.es\/wp-content\/gallery\/MP_clasificacion_fondo_marino\/thumbs\/thumbs_MP_cfm_svm.png\" data-title=\"MP_cfm_svm\" data-description=\"Producto aplicando SVM\" >\n\t\t\t\t\t\t\t\t<img title=\"MP_cfm_svm\" alt=\"MP_cfm_svm\" src=\"https:\/\/artemisat.ulpgc.es\/wp-content\/gallery\/MP_clasificacion_fondo_marino\/thumbs\/thumbs_MP_cfm_svm.png\" width='120' height='90' \/>\n\t\t\t\t\t\t\t<\/a>\n\t\t<\/div>\n\t<\/div>\n\n                        \n \t \t\n\t<!-- Pagination -->\n \t<div class='ngg-clear'><\/div> \t\n<\/div>\n\n<\/p>\n<p>\n<div class=\"ngg-galleryoverview\" id=\"ngg-gallery-1158-43\">\n\n\t<!-- Slideshow link -->\n\t<div class=\"slideshowlink\">\n\t\t<a class=\"slideshowlink\" href=\"https:\/\/artemisat.ulpgc.es\/index.php\/nggallery\/slideshow?page_id=43\">\n\t\t\tClasificaci\u00f3n cubiertas terrestres de Maspalomas\t\t<\/a>\n\t<\/div>\n\n\t<!-- Thumbnails -->\n    \t\t\n\t<div id=\"ngg-image-123\" class=\"ngg-gallery-thumbnail-box\" style=\"width:16%;\" >\n\t\t<div class=\"ngg-gallery-thumbnail\" >\n\t\t\t<a href=\"https:\/\/artemisat.ulpgc.es\/wp-content\/gallery\/MP_clasificaci%C3%B3n_cubiertas_terrestres\/MP_clasificacion_cubierta_terrestre.png\"\n               title=\" \"\n               class=\"ngg-fancybox\" rel=\"1158\" data-image-id=\"123\" data-src=\"https:\/\/artemisat.ulpgc.es\/wp-content\/gallery\/MP_clasificaci%C3%B3n_cubiertas_terrestres\/MP_clasificacion_cubierta_terrestre.png\" data-thumbnail=\"https:\/\/artemisat.ulpgc.es\/wp-content\/gallery\/MP_clasificaci%C3%B3n_cubiertas_terrestres\/thumbs\/thumbs_MP_clasificacion_cubierta_terrestre.png\" data-title=\"MP_clasificacion_cubierta_terrestre\" data-description=\" \" >\n\t\t\t\t\t\t\t\t<img title=\"MP_clasificacion_cubierta_terrestre\" alt=\"MP_clasificacion_cubierta_terrestre\" src=\"https:\/\/artemisat.ulpgc.es\/wp-content\/gallery\/MP_clasificaci%C3%B3n_cubiertas_terrestres\/thumbs\/thumbs_MP_clasificacion_cubierta_terrestre.png\" width='120' height='90' \/>\n\t\t\t\t\t\t\t<\/a>\n\t\t<\/div>\n\t<\/div>\n\n                        \n \t \t\n\t<!-- Pagination -->\n \t<div class='ngg-clear'><\/div> \t\n<\/div>\n\n<\/p>\n<p>&nbsp;<\/p>\n<p style=\"text-align: center;\"><span style=\"color: #000080; font-size: 14pt;\"><strong>Animaci\u00f3n de dos im\u00e1genes (a\u00f1os 2013 y 2015) de la Reserva Natural de Maspalomas, donde se observa la cubierta vegetal<\/strong><\/span><\/p>\n<p style=\"text-align: center;\"><iframe loading=\"lazy\" src=\"https:\/\/www.youtube.com\/embed\/LmxuOxq0bVw?rel=0\" width=\"560\" height=\"315\" frameborder=\"0\" allowfullscreen=\"allowfullscreen\"><\/iframe><\/p>\n<p><script>\/\/ <![CDATA[\n(function(i,s,o,g,r,a,m){i['GoogleAnalyticsObject']=r;i[r]=i[r]||function(){ (i[r].q=i[r].q||[]).push(arguments)},i[r].l=1*new Date();a=s.createElement(o), m=s.getElementsByTagName(o)[0];a.async=1;a.src=g;m.parentNode.insertBefore(a,m) })(window,document,'script','\/\/www.google-analytics.com\/analytics.js','ga'); ga('create', 'UA-60992282-1', 'auto'); ga('send', 'pageview');\n\/\/ ]]><\/script><\/p>\n","protected":false},"excerpt":{"rendered":"<p>Batimetr\u00eda de la costa de Maspalomas Medida de la calidad de agua en la costa de Maspalomas Clasificaci\u00f3n del fondo marino de la costa de Maspalomas Clasificaci\u00f3n cubiertas terrestres de Maspalomas &nbsp; Animaci\u00f3n de dos im\u00e1genes (a\u00f1os 2013 y 2015) de la Reserva Natural de Maspalomas, donde se observa la\u2026 <a class=\"continue-reading-link\" href=\"https:\/\/artemisat.ulpgc.es\/?page_id=43\">Continue reading<\/a><\/p>\n","protected":false},"author":2,"featured_media":0,"parent":37,"menu_order":1,"comment_status":"closed","ping_status":"closed","template":"templates\/template-onecolumn.php","meta":{"ngg_post_thumbnail":0},"_links":{"self":[{"href":"https:\/\/artemisat.ulpgc.es\/index.php?rest_route=\/wp\/v2\/pages\/43"}],"collection":[{"href":"https:\/\/artemisat.ulpgc.es\/index.php?rest_route=\/wp\/v2\/pages"}],"about":[{"href":"https:\/\/artemisat.ulpgc.es\/index.php?rest_route=\/wp\/v2\/types\/page"}],"author":[{"embeddable":true,"href":"https:\/\/artemisat.ulpgc.es\/index.php?rest_route=\/wp\/v2\/users\/2"}],"replies":[{"embeddable":true,"href":"https:\/\/artemisat.ulpgc.es\/index.php?rest_route=%2Fwp%2Fv2%2Fcomments&post=43"}],"version-history":[{"count":15,"href":"https:\/\/artemisat.ulpgc.es\/index.php?rest_route=\/wp\/v2\/pages\/43\/revisions"}],"predecessor-version":[{"id":1195,"href":"https:\/\/artemisat.ulpgc.es\/index.php?rest_route=\/wp\/v2\/pages\/43\/revisions\/1195"}],"up":[{"embeddable":true,"href":"https:\/\/artemisat.ulpgc.es\/index.php?rest_route=\/wp\/v2\/pages\/37"}],"wp:attachment":[{"href":"https:\/\/artemisat.ulpgc.es\/index.php?rest_route=%2Fwp%2Fv2%2Fmedia&parent=43"}],"curies":[{"name":"wp","href":"https:\/\/api.w.org\/{rel}","templated":true}]}}